{"id":1838,"date":"2024-05-29T10:01:00","date_gmt":"2024-05-29T08:01:00","guid":{"rendered":"https:\/\/gengob.org\/?post_type=comunicats&#038;p=1838"},"modified":"2024-06-24T18:40:50","modified_gmt":"2024-06-24T16:40:50","slug":"el-gen-presenta-al-legacions-modificacio-pti-copy","status":"publish","type":"comunicats","link":"https:\/\/gengob.org\/es\/comunicats\/el-gen-presenta-al-legacions-modificacio-pti-copy\/","title":{"rendered":"EL GEN-GOB ES PERSONA A TOTS ELS AJUNTAMENTS D\u2019EIVISSA COM A PART INTERESSADA A TOTS ELS EXPEDIENTS DE LEGALITZACI\u00d3 QUE ES PRETENGUIN EMPARAR EN LA NOVA AMNISTIA"},"content":{"rendered":"<style>.wp-block-kadence-advancedheading.kt-adv-heading_779649-82, .wp-block-kadence-advancedheading.kt-adv-heading_779649-82[data-kb-block=\"kb-adv-heading_779649-82\"]{font-style:normal;}.wp-block-kadence-advancedheading.kt-adv-heading_779649-82 mark, .wp-block-kadence-advancedheading.kt-adv-heading_779649-82[data-kb-block=\"kb-adv-heading_779649-82\"] mark{font-style:normal;color:#f76a0c;padding-top:0px;padding-right:0px;padding-bottom:0px;padding-left:0px;}<\/style>\n<h2 class=\"kt-adv-heading_779649-82 wp-block-kadence-advancedheading\" data-kb-block=\"kb-adv-heading_779649-82\">HO FEM EN RESPOSTA AL PROC\u00c9S DE LEGALITZACI\u00d3 EXTRAORDIN\u00c0RIA D\u2019EDIFICACIONS EN S\u00d2L R\u00daSTIC I R\u00daSTIC PROTEGIT INCL\u00d2S AL DECRET LLEI DE SIMPLIFICACI\u00d3 ADMINISTRATIVA<\/h2>\n\n\n\n<p>EL GEN-GOB ha adre\u00e7at un escrit a la totalitat dels departaments d\u2019urbanisme dels ajuntaments d\u2019Eivissa per tal que es tingui la nostra entitat personada com a part interessada a la totalitat dels expedients de legalitzaci\u00f3 que es pretenguin acollir a l\u2019amnistia aprovada per l\u2019executiu Prohens. <br>En teoria la mesura aprovada pret\u00e9n incorporar a l\u2019ordenaci\u00f3 edificacions realitzades al marge de la legalitat, contra les quals ja no quep cap mesura de restabliment de la legalitat.<br>El fet que els procediments de legalitzaci\u00f3 es facin als ajuntaments, sense cap intervenci\u00f3 externa, sense passar per cap exposici\u00f3 p\u00fablica, ni comissions d\u2019urbanisme o de patrimoni del Consell Insular, ni hagin de rebre cap informe extern de cap organisme, fa que aquestes legalitzacions siguin completament opaques. Amb la traject\u00f2ria d\u2019alguns ajuntaments d\u2019aquesta illa i la picaresca<br>(delinq\u00fc\u00e8ncia) urban\u00edstica que pateix aquesta illa, i els milionaris beneficis econ\u00f2mics que suposen les legalitzacions aix\u00f2 no sembla massa bona idea.<br>Arran de la darrera amnistia urban\u00edstica existeixen nombroses sospites de frau en expedients de legalitzaci\u00f3 (antiguitat \u201c no comprovades\u201d, infraccions no acabades i per tant en curs d\u2019execuci\u00f3 que s\u2019haurien perm\u00e9s finalitzar, canvis d\u2019us d\u2019edificacions agr\u00e0ries a habitatges, etc). Aix\u00ed, per exemple, amb la nova amnistia, no \u00e9s suficient que una edificaci\u00f3 estigui realitzada abans d\u2019una data determinada, \u00e9s necessari tamb\u00e9 que des d\u2019aquella data no hagi estat objecte d\u2019obres que hagin interromput el termini de prescripci\u00f3; en el cas de les obres  a l\u2019interior d\u2019ANEIs, per exemple, nom\u00e9s podrien ser legalitzades aquelles que no haguessin estat objecte d\u2019obres des de l\u2019any 1991, en cas contrari es tractaria d\u2019infraccions continuades i no prescriurien en trobar-se dins d\u2019espais<br>protegits; l\u2019antiguitat de les edificacions que es pretenguin legalitzar ha de uedar acreditada de forma fefaent, no una part sin\u00f3 de la totalitat; tampoc es poden corvertir edificacions agr\u00e0ries o runes en nous habitatges. En definitiva, no es pot permetre un nou \u201ccoladero\u201d d\u2019il.legalitats que premii les infraccions i permeti, encara m\u00e9s que els especuladors facin negoci a costa del nostre<br>malm\u00e8s territori. <\/p>\n\n\n\n<p>L\u2019acci\u00f3 p\u00fablica en mat\u00e8ria de medi ambient i urbanisme \u00e9s reconeguda per la normativa vigent i \u00e9s fent \u00fas d\u2019aquesta i del dret a la informaci\u00f3 urban\u00edstica que el GEN GOB s\u2019ha personat a tots els ajuntament per tal se ser considerat part interessada a la totalitat dels expedients de legalitzaci\u00f3 que es pretenguin emparar en el nou decret llei. Cap expedient podr\u00e0 ser resolt sense al manco<br>donar trasllat a la nostra entitat i cap autoritzaci\u00f3 es podr\u00e0 considerar vigent fins que ens sigui notificada formalment.<\/p>\n\n\n\n<p class=\"has-text-align-right\"><strong>Eivissa 29 de maig de 2024<\/strong><\/p>\n\n\n\n<p class=\"has-text-align-right\"><strong>Junta Directiva GEN-GOB<\/strong>.<\/p>","protected":false},"excerpt":{"rendered":"<p>HO FEM EN RESPOSTA AL PROC\u00c9S DE LEGALITZACI\u00d3 EXTRAORDIN\u00c0RIA D\u2019EDIFICACIONS EN S\u00d2L R\u00daSTIC I R\u00daSTIC PROTEGIT INCL\u00d2S AL DECRET LLEI DE SIMPLIFICACI\u00d3 ADMINISTRATIVA EL GEN-GOB ha adre\u00e7at un escrit a la totalitat dels departaments d\u2019urbanisme dels ajuntaments d\u2019Eivissa per tal que es tingui la nostra entitat personada com a part interessada a la totalitat dels&#8230;<\/p>","protected":false},"featured_media":0,"template":"","meta":{"_uag_custom_page_level_css":"","_kad_post_transparent":"","_kad_post_title":"","_kad_post_layout":"","_kad_post_sidebar_id":"","_kad_post_content_style":"","_kad_post_vertical_padding":"","_kad_post_feature":"","_kad_post_feature_position":"","_kad_post_header":false,"_kad_post_footer":false},"categories":[67],"tags":[],"uagb_featured_image_src":{"full":false,"thumbnail":false,"medium":false,"medium_large":false,"large":false,"1536x1536":false,"2048x2048":false,"trp-custom-language-flag":false},"uagb_author_info":{"display_name":"Joan Carles Palerm","author_link":"https:\/\/gengob.org\/es\/author\/"},"uagb_comment_info":0,"uagb_excerpt":"HO FEM EN RESPOSTA AL PROC\u00c9S DE LEGALITZACI\u00d3 EXTRAORDIN\u00c0RIA D\u2019EDIFICACIONS EN S\u00d2L R\u00daSTIC I R\u00daSTIC PROTEGIT INCL\u00d2S AL DECRET LLEI DE SIMPLIFICACI\u00d3 ADMINISTRATIVA EL GEN-GOB ha adre\u00e7at un escrit a la totalitat dels departaments d\u2019urbanisme dels ajuntaments d\u2019Eivissa per tal que es tingui la nostra entitat personada com a part interessada a la totalitat dels...","_links":{"self":[{"href":"https:\/\/gengob.org\/es\/wp-json\/wp\/v2\/comunicats\/1838"}],"collection":[{"href":"https:\/\/gengob.org\/es\/wp-json\/wp\/v2\/comunicats"}],"about":[{"href":"https:\/\/gengob.org\/es\/wp-json\/wp\/v2\/types\/comunicats"}],"wp:attachment":[{"href":"https:\/\/gengob.org\/es\/wp-json\/wp\/v2\/media?parent=1838"}],"wp:term":[{"taxonomy":"category","embeddable":true,"href":"https:\/\/gengob.org\/es\/wp-json\/wp\/v2\/categories?post=1838"},{"taxonomy":"post_tag","embeddable":true,"href":"https:\/\/gengob.org\/es\/wp-json\/wp\/v2\/tags?post=1838"}],"curies":[{"name":"wp","href":"https:\/\/api.w.org\/{rel}","templated":true}]}}