{"id":1901,"date":"2026-07-30T08:57:00","date_gmt":"2026-07-30T06:57:00","guid":{"rendered":"https:\/\/gengob.org\/?post_type=comunicats&#038;p=1901"},"modified":"2026-09-02T21:06:28","modified_gmt":"2026-09-02T19:06:28","slug":"tallers-snorkel-gratuits","status":"publish","type":"comunicats","link":"https:\/\/gengob.org\/es\/comunicats\/tallers-snorkel-gratuits\/","title":{"rendered":"La Fundaci\u00f3 Cleanwave, SOLDECOCOS i el GEN-GOB organitzen activitats gratu\u00eftes d&#8217;snorkel interpretatiu per descobrir i protegir els boscos marins de Formentera"},"content":{"rendered":"<p>El projecte REshabay posa en marxa aquest mes d&#8217;agost dues jornades d&#8217;snorkel interpretatiu adre\u00e7ades a tots els p\u00fablics a partir de 9 anys, amb l&#8217;objectiu d&#8217;apropar la ciutadania al patrimoni natural submar\u00ed de Formentera i fomentar-ne la conservaci\u00f3 a trav\u00e9s de l&#8217;educaci\u00f3 ambiental. Les activitats tindran lloc els dies 7 i 18 d&#8217;agost, amb dos torns cada jornada, i es desenvoluparan des de la costa en diferents platges de l&#8217;illa, que es determinaran en funci\u00f3 de les condicions meteorol\u00f2giques per garantir la seguretat dels participants i la qualitat de l&#8217;experi\u00e8ncia.<br>L&#8217;activitat, de car\u00e0cter gratu\u00eft i amb places limitades a 10 participants per torn, oferir\u00e0 una experi\u00e8ncia guiada de descoberta dels ecosistemes marins litorals de Formentera. Durant la sessi\u00f3, els participants aprendran a identificar algunes de les principals esp\u00e8cies marines presents als boscos d&#8217;algues i a altres h\u00e0bitats costaners, comprendran la import\u00e0ncia ecol\u00f2gica d&#8217;aquests ecosistemes i descobriran les principals amenaces que afronten.<br>Les sessions seran condu\u00efdes per dues cient\u00edfiques marines i educadores ambientals, Ana\u00efs Palomar i Noelia Sosa Puig, que guiaran l&#8217;activitat des d&#8217;un enfocament vivencial, cient\u00edfic i divulgatiu, promovent una experi\u00e8ncia participativa que fomenti el coneixement, el respecte i la implicaci\u00f3 de la ciutadania en la conservaci\u00f3 del medi mar\u00ed.<br>Aquesta iniciativa forma part de les accions de sensibilitzaci\u00f3 del projecte Reshabay, una iniciativa que promou la conservaci\u00f3 dels ecosistemes marins de les Illes Balears mitjan\u00e7ant accions de restauraci\u00f3, educaci\u00f3 ambiental i participaci\u00f3 ciutadana.<\/p>\n\n\n\n<p>Les inscripcions s\u00f3n gratu\u00eftes i es poden formalitzar mitjan\u00e7ant el formulari habilitat a trav\u00e9s del<br>codi QR disponible al cartell de l&#8217;activitat o mitjan\u00e7ant el seg\u00fcent enlla\u00e7:<br><a href=\"https:\/\/forms.gle\/VfvWHExz6VwzvLw\">https:\/\/forms.gle\/VfvWHExz6VwzvLw<\/a><\/p>","protected":false},"excerpt":{"rendered":"<p>El projecte REshabay posa en marxa aquest mes d&#8217;agost dues jornades d&#8217;snorkel interpretatiu adre\u00e7ades a tots els p\u00fablics a partir de 9 anys, amb l&#8217;objectiu d&#8217;apropar la ciutadania al patrimoni natural submar\u00ed de Formentera i fomentar-ne la conservaci\u00f3 a trav\u00e9s de l&#8217;educaci\u00f3 ambiental. Les activitats tindran lloc els dies 7 i 18 d&#8217;agost, amb dos&#8230;<\/p>","protected":false},"featured_media":1902,"template":"","meta":{"_uag_custom_page_level_css":"","_kad_post_transparent":"","_kad_post_title":"","_kad_post_layout":"","_kad_post_sidebar_id":"","_kad_post_content_style":"","_kad_post_vertical_padding":"","_kad_post_feature":"","_kad_post_feature_position":"","_kad_post_header":false,"_kad_post_footer":false},"categories":[73,77],"tags":[],"uagb_featured_image_src":{"full":["https:\/\/gengob.org\/wp-content\/uploads\/2026\/09\/PNGCartell-Snorkel-Reshabay.png",1587,2245,false],"thumbnail":["https:\/\/gengob.org\/wp-content\/uploads\/2026\/09\/PNGCartell-Snorkel-Reshabay-150x150.png",150,150,true],"medium":["https:\/\/gengob.org\/wp-content\/uploads\/2026\/09\/PNGCartell-Snorkel-Reshabay-212x300.png",212,300,true],"medium_large":["https:\/\/gengob.org\/wp-content\/uploads\/2026\/09\/PNGCartell-Snorkel-Reshabay-768x1086.png",768,1086,true],"large":["https:\/\/gengob.org\/wp-content\/uploads\/2026\/09\/PNGCartell-Snorkel-Reshabay-724x1024.png",724,1024,true],"1536x1536":["https:\/\/gengob.org\/wp-content\/uploads\/2026\/09\/PNGCartell-Snorkel-Reshabay-1086x1536.png",1086,1536,true],"2048x2048":["https:\/\/gengob.org\/wp-content\/uploads\/2026\/09\/PNGCartell-Snorkel-Reshabay-1448x2048.png",1448,2048,true],"trp-custom-language-flag":["https:\/\/gengob.org\/wp-content\/uploads\/2026\/09\/PNGCartell-Snorkel-Reshabay-8x12.png",8,12,true]},"uagb_author_info":{"display_name":"Joan Carles Palerm","author_link":"https:\/\/gengob.org\/es\/author\/"},"uagb_comment_info":0,"uagb_excerpt":"El projecte REshabay posa en marxa aquest mes d&#8217;agost dues jornades d&#8217;snorkel interpretatiu adre\u00e7ades a tots els p\u00fablics a partir de 9 anys, amb l&#8217;objectiu d&#8217;apropar la ciutadania al patrimoni natural submar\u00ed de Formentera i fomentar-ne la conservaci\u00f3 a trav\u00e9s de l&#8217;educaci\u00f3 ambiental. Les activitats tindran lloc els dies 7 i 18 d&#8217;agost, amb dos...","_links":{"self":[{"href":"https:\/\/gengob.org\/es\/wp-json\/wp\/v2\/comunicats\/1901"}],"collection":[{"href":"https:\/\/gengob.org\/es\/wp-json\/wp\/v2\/comunicats"}],"about":[{"href":"https:\/\/gengob.org\/es\/wp-json\/wp\/v2\/types\/comunicats"}],"wp:featuredmedia":[{"embeddable":true,"href":"https:\/\/gengob.org\/es\/wp-json\/wp\/v2\/media\/1902"}],"wp:attachment":[{"href":"https:\/\/gengob.org\/es\/wp-json\/wp\/v2\/media?parent=1901"}],"wp:term":[{"taxonomy":"category","embeddable":true,"href":"https:\/\/gengob.org\/es\/wp-json\/wp\/v2\/categories?post=1901"},{"taxonomy":"post_tag","embeddable":true,"href":"https:\/\/gengob.org\/es\/wp-json\/wp\/v2\/tags?post=1901"}],"curies":[{"name":"wp","href":"https:\/\/api.w.org\/{rel}","templated":true}]}}