{"id":596,"date":"2021-05-02T11:16:22","date_gmt":"2021-05-02T11:16:22","guid":{"rendered":"https:\/\/gengob.org\/\/custodia-agraria-copy\/"},"modified":"2024-12-12T15:05:01","modified_gmt":"2024-12-12T14:05:01","slug":"educacio-ambiental","status":"publish","type":"page","link":"https:\/\/gengob.org\/es\/educacio-ambiental\/","title":{"rendered":"Educaci\u00f3n ambiental"},"content":{"rendered":"<section class=\"wp-block-uagb-section uagb-section__wrap uagb-section__background-image uagb-block-9808cddb hero\"><div class=\"uagb-section__overlay\"><\/div><div class=\"uagb-section__inner-wrap\">\n<div class=\"wp-block-group hero__cta is-layout-flow\"><div class=\"wp-block-group__inner-container\"><style>.wp-block-kadence-advancedheading.kt-adv-heading_4bc4c3-e5, .wp-block-kadence-advancedheading.kt-adv-heading_4bc4c3-e5[data-kb-block=\"kb-adv-heading_4bc4c3-e5\"]{font-style:normal;}.wp-block-kadence-advancedheading.kt-adv-heading_4bc4c3-e5 mark, .wp-block-kadence-advancedheading.kt-adv-heading_4bc4c3-e5[data-kb-block=\"kb-adv-heading_4bc4c3-e5\"] mark{font-style:normal;color:#f76a0c;padding-top:0px;padding-right:0px;padding-bottom:0px;padding-left:0px;}@media all and (max-width: 1024px){.wp-block-kadence-advancedheading.kt-adv-heading_4bc4c3-e5, .wp-block-kadence-advancedheading.kt-adv-heading_4bc4c3-e5[data-kb-block=\"kb-adv-heading_4bc4c3-e5\"]{font-size:3.8rem;}}@media all and (max-width: 767px){.wp-block-kadence-advancedheading.kt-adv-heading_4bc4c3-e5, .wp-block-kadence-advancedheading.kt-adv-heading_4bc4c3-e5[data-kb-block=\"kb-adv-heading_4bc4c3-e5\"]{font-size:2.5rem;}}<\/style>\n<h1 class=\"kt-adv-heading_4bc4c3-e5 hero__title abajo--110 wp-block-kadence-advancedheading has-theme-palette-2-color has-text-color\" data-kb-block=\"kb-adv-heading_4bc4c3-e5\"><mark class=\"kt-highlight\"><mark>Educaci\u00f3n<br>AMBIENTAL<\/mark><\/mark><\/h1>\n<\/div><\/div>\n\n\n\n<p class=\"hero__img--author has-theme-palette-9-color has-text-color\"><span>@mari\u00e0 mar\u00ed<\/span><\/p>\n<\/div><\/section>\n\n\n<style>.kb-row-layout-id_80fac2-3b > .kt-row-column-wrap{align-content:start;}:where(.kb-row-layout-id_80fac2-3b > .kt-row-column-wrap) > .wp-block-kadence-column{justify-content:start;}.kb-row-layout-id_80fac2-3b > .kt-row-column-wrap{column-gap:var(--global-kb-gap-md, 2rem);row-gap:var(--global-kb-gap-md, 2rem);max-width:740px;margin-left:auto;margin-right:auto;padding-top:7.5rem;padding-right:2rem;padding-bottom:7.5rem;padding-left:2rem;grid-template-columns:minmax(0, 1fr);}.kb-row-layout-id_80fac2-3b > .kt-row-layout-overlay{opacity:0.30;}@media all and (max-width: 1024px){.kb-row-layout-id_80fac2-3b > .kt-row-column-wrap{grid-template-columns:minmax(0, 1fr);}}@media all and (max-width: 767px){.kb-row-layout-id_80fac2-3b > .kt-row-column-wrap{grid-template-columns:minmax(0, 1fr);}}<\/style><div class=\"kb-row-layout-wrap kb-row-layout-id_80fac2-3b alignnone wp-block-kadence-rowlayout\"><div class=\"kt-row-column-wrap kt-has-1-columns kt-row-layout-equal kt-tab-layout-inherit kt-mobile-layout-row kt-row-valign-top\">\n<style>.kadence-column_0768a8-31 > .kt-inside-inner-col,.kadence-column_0768a8-31 > .kt-inside-inner-col:before{border-top-left-radius:0px;border-top-right-radius:0px;border-bottom-right-radius:0px;border-bottom-left-radius:0px;}.kadence-column_0768a8-31 > .kt-inside-inner-col:before{opacity:0.3;}.kadence-column_0768a8-31{position:relative;}<\/style>\n<div class=\"wp-block-kadence-column kadence-column_0768a8-31 inner-column-1\"><div class=\"kt-inside-inner-col\">\n<p><mark>Des del Servei d\u2019Educaci\u00f3 Ambiental del GEN-GOB, us donam la benvinguda al curs escolar 2024-2025. Tornem a oferir una variada i complerta oferta d&#8217;activitats<\/mark> <mark class=\"kt-highlight\">per tal que el professorat dels centres pugueu complementar la tasca educativa a les aules. A m\u00e9s a m\u00e9s,  aquest curs tornem a incloure activitats a Can Toni d&#8217;en Jaume Negre, la finca que tenim en cust\u00f2dia. Aquestes activitats a can Toni es proposen en una oferta diferenciada.  Esperem que us agradi el que hem preparat!<\/mark><br><\/p>\n\n\n\n<p><strong>Sol\u00b7licituds:<\/strong> cal que envieu un correu electr\u00f2nic a l\u2019adre\u00e7a educaciogen@gmail.com, indicant nom del centre, curs, nombre d\u2019alumnes, activitat escollida, nom del professor\/a de refer\u00e8ncia i una proposta de dia i hora aproximada en qu\u00e8 us aniria b\u00e9 fer l\u2019activitat. Ens posarem en contacte amb vosaltres per confirmar la sol\u00b7licitud i altres detalls t\u00e8cnics de l\u2019activitat.<strong><br>Despla\u00e7ament<\/strong>: la gesti\u00f3 i la despesa del transport corre a c\u00e0rrec del centre.<\/p>\n\n\n\n<p><\/p>\n\n\n\n<h1 class=\"wp-block-heading has-text-align-center\"><strong>Curs 2024-2025<\/strong><\/h1>\n\n\n\n<div class=\"wp-block-uagb-advanced-heading uagb-block-ab78908f\"><h2 class=\"uagb-heading-text\">Oferta a can Toni d&#8217;en Jaume Negre<\/h2><p class=\"uagb-desc-text\">Finca en cust\u00f2dia a sant Lloren\u00e7 de Bal\u00e0fia<\/p><\/div>\n\n\n\n<p>Despr\u00e9s d&#8217;uns anys sense activitats educatives a can Toni,  des del curs 2023\/24 tornem a posar aquest espai a disposici\u00f3 dels centres escolars amb activitats molt especials i creades expressament per aprofitar aquest fant\u00e0stic espai i la casa pagesa. Destaca <em>Can Toni 1940<\/em>, aix\u00ed com activitats de coneixement de la natura (amb variants de flora o de fauna) i altres espec\u00edfiques per atracar les nostres tradicions als m\u00e9s petits.<\/p>\n\n\n<style>.wp-block-kadence-advancedheading.kt-adv-heading_00196f-77, .wp-block-kadence-advancedheading.kt-adv-heading_00196f-77[data-kb-block=\"kb-adv-heading_00196f-77\"]{font-style:normal;}.wp-block-kadence-advancedheading.kt-adv-heading_00196f-77 mark, .wp-block-kadence-advancedheading.kt-adv-heading_00196f-77[data-kb-block=\"kb-adv-heading_00196f-77\"] mark{font-style:normal;color:#f76a0c;padding-top:0px;padding-right:0px;padding-bottom:0px;padding-left:0px;}<\/style>\n<h3 class=\"kt-adv-heading_00196f-77 wp-block-kadence-advancedheading\" data-kb-block=\"kb-adv-heading_00196f-77\">Podeu consultar o descarregar l&#8217;oferta a can Toni d&#8217;en Jaume Negre a continuaci\u00f3<\/h3>\n\n\n\n<div class=\"wp-block-file\"><object class=\"wp-block-file__embed\" data=\"https:\/\/gengob.org\/wp-content\/uploads\/2024\/12\/CAN-TONI-DEN-JAUME-NEGRE.-Govern-Balear.pdf\" type=\"application\/pdf\" style=\"width:100%;height:600px\" aria-label=\"Incrustado de CAN-TONI-DEN-JAUME-NEGRE.-Govern-Balear.\"><\/object><a id=\"wp-block-file--media-6545b77a-aaa2-4993-89cb-f9b7205153a9\" href=\"https:\/\/gengob.org\/wp-content\/uploads\/2024\/12\/CAN-TONI-DEN-JAUME-NEGRE.-Govern-Balear.pdf\">CAN-TONI-DEN-JAUME-NEGRE.-Govern-Balear<\/a><a href=\"https:\/\/gengob.org\/wp-content\/uploads\/2024\/12\/CAN-TONI-DEN-JAUME-NEGRE.-Govern-Balear.pdf\" class=\"wp-block-file__button wp-element-button\" download aria-describedby=\"wp-block-file--media-6545b77a-aaa2-4993-89cb-f9b7205153a9\">Baixa<\/a><\/div>\n\n\n\n<div class=\"wp-block-uagb-advanced-heading uagb-block-bbfc09d3\"><h2 class=\"uagb-heading-text\">Oferta general<\/h2><p class=\"uagb-desc-text\">Activitats per a desenvolupar als centres, a can Casals o itineraris a espais naturals<\/p><\/div>\n\n\n\n<p>Per aquest curs comptem amb una gran varietat de tallers adaptats als diferents cicles educatius. Aquest tallers es desenvolupen b\u00e9 al centre o b\u00e9 a can Casals, la seu del GEN-GOB. Trobareu a la nostra oferta alguns dels tallers tradicionals (fer paper reciclat, coneixem les tortugues de terra, &#8230;) aix\u00ed com algunes novetats (tallers d&#8217;astronomia, pol\u00b7linitzadors,&#8230;) i l&#8217;escape room de la posid\u00f2nia que vam possar en marxa el curs 2021-22.<\/p>\n\n\n\n<p>Un altre tipus d&#8217;activitats incloses a l&#8217;oferta serien els itineraris a espais naturals de l&#8217;illa d&#8217;Eivissa tant per prim\u00e0ria com per secund\u00e0ria. Destaca especialment la visita a ses Feixes, per\u00f2 tamb\u00e9 hi ha possibilitat de con\u00e8ixer es Brolls de Buscastell.<\/p>\n\n\n\n<h3 class=\"wp-block-heading\">Podeu consultar o descarregar l&#8217;oferta educativa a continuaci\u00f3<\/h3>\n\n\n\n<div class=\"wp-block-file\"><object class=\"wp-block-file__embed\" data=\"https:\/\/gengob.org\/wp-content\/uploads\/2024\/12\/oferta-educativa-2024_25.pdf\" type=\"application\/pdf\" style=\"width:100%;height:600px\" aria-label=\"Incrustado de oferta-educativa-2024_25.\"><\/object><a id=\"wp-block-file--media-b8665835-019e-48c5-bfa1-f135e744472c\" href=\"https:\/\/gengob.org\/wp-content\/uploads\/2024\/12\/oferta-educativa-2024_25.pdf\">oferta-educativa-2024_25<\/a><a href=\"https:\/\/gengob.org\/wp-content\/uploads\/2024\/12\/oferta-educativa-2024_25.pdf\" class=\"wp-block-file__button wp-element-button\" download aria-describedby=\"wp-block-file--media-b8665835-019e-48c5-bfa1-f135e744472c\">Baixa<\/a><\/div>\n\n\n\n<p><\/p>\n\n\n\n<div class=\"wp-block-group link-author__img abajo--80 is-layout-flow\"><div class=\"wp-block-group__inner-container\"><div class=\"wp-block-image\">\n<figure class=\"aligncenter size-large\"><img decoding=\"async\" loading=\"lazy\" width=\"1024\" height=\"683\" src=\"https:\/\/gengob.org\/wp-content\/uploads\/2021\/05\/CAN-TONI-ESCOLA-DE-ESTIU-16-Musicaldansa-EDUCACIO-1024x683.jpg\" alt=\"\" class=\"wp-image-602\" srcset=\"https:\/\/gengob.org\/wp-content\/uploads\/2021\/05\/CAN-TONI-ESCOLA-DE-ESTIU-16-Musicaldansa-EDUCACIO-1024x683.jpg 1024w, https:\/\/gengob.org\/wp-content\/uploads\/2021\/05\/CAN-TONI-ESCOLA-DE-ESTIU-16-Musicaldansa-EDUCACIO-300x200.jpg 300w, https:\/\/gengob.org\/wp-content\/uploads\/2021\/05\/CAN-TONI-ESCOLA-DE-ESTIU-16-Musicaldansa-EDUCACIO-768x512.jpg 768w, https:\/\/gengob.org\/wp-content\/uploads\/2021\/05\/CAN-TONI-ESCOLA-DE-ESTIU-16-Musicaldansa-EDUCACIO-1536x1024.jpg 1536w, https:\/\/gengob.org\/wp-content\/uploads\/2021\/05\/CAN-TONI-ESCOLA-DE-ESTIU-16-Musicaldansa-EDUCACIO.jpg 1920w\" sizes=\"(max-width: 1024px) 100vw, 1024px\" \/><\/figure><\/div>\n\n\n<p class=\"author-img\">@gen-gob<\/p>\n<\/div><\/div>\n\n\n\n<p>S\u00edguenos en las redes:<\/p>\n\n\n\n<div class=\"wp-block-group is-layout-flow\"><div class=\"wp-block-group__inner-container\">\n<ul class=\"wp-block-social-links alignleft has-large-icon-size is-style-logos-only agraria-social is-layout-flex\"><li class=\"wp-social-link wp-social-link-facebook wp-block-social-link\"><a href=\"https:\/\/www.facebook.com\/Servei-dEducaci%C3%B3-Ambiental-GEN-GOB-573550023326819\" class=\"wp-block-social-link-anchor\"><svg width=\"24\" height=\"24\" viewbox=\"0 0 24 24\" version=\"1.1\" xmlns=\"http:\/\/www.w3.org\/2000\/svg\" aria-hidden=\"true\" focusable=\"false\"><path d=\"M12 2C6.5 2 2 6.5 2 12c0 5 3.7 9.1 8.4 9.9v-7H7.9V12h2.5V9.8c0-2.5 1.5-3.9 3.8-3.9 1.1 0 2.2.2 2.2.2v2.5h-1.3c-1.2 0-1.6.8-1.6 1.6V12h2.8l-.4 2.9h-2.3v7C18.3 21.1 22 17 22 12c0-5.5-4.5-10-10-10z\"><\/path><\/svg><span class=\"wp-block-social-link-label screen-reader-text\">Facebook<\/span><\/a><\/li>\n\n<li class=\"wp-social-link wp-social-link-twitter wp-block-social-link\"><a href=\"https:\/\/twitter.com\/GENGOB_SEA\" class=\"wp-block-social-link-anchor\"><svg width=\"24\" height=\"24\" viewbox=\"0 0 24 24\" version=\"1.1\" xmlns=\"http:\/\/www.w3.org\/2000\/svg\" aria-hidden=\"true\" focusable=\"false\"><path d=\"M22.23,5.924c-0.736,0.326-1.527,0.547-2.357,0.646c0.847-0.508,1.498-1.312,1.804-2.27 c-0.793,0.47-1.671,0.812-2.606,0.996C18.324,4.498,17.257,4,16.077,4c-2.266,0-4.103,1.837-4.103,4.103 c0,0.322,0.036,0.635,0.106,0.935C8.67,8.867,5.647,7.234,3.623,4.751C3.27,5.357,3.067,6.062,3.067,6.814 c0,1.424,0.724,2.679,1.825,3.415c-0.673-0.021-1.305-0.206-1.859-0.513c0,0.017,0,0.034,0,0.052c0,1.988,1.414,3.647,3.292,4.023 c-0.344,0.094-0.707,0.144-1.081,0.144c-0.264,0-0.521-0.026-0.772-0.074c0.522,1.63,2.038,2.816,3.833,2.85 c-1.404,1.1-3.174,1.756-5.096,1.756c-0.331,0-0.658-0.019-0.979-0.057c1.816,1.164,3.973,1.843,6.29,1.843 c7.547,0,11.675-6.252,11.675-11.675c0-0.178-0.004-0.355-0.012-0.531C20.985,7.47,21.68,6.747,22.23,5.924z\"><\/path><\/svg><span class=\"wp-block-social-link-label screen-reader-text\">Twitter<\/span><\/a><\/li><\/ul>\n<\/div><\/div>\n\n\n\n<p><\/p>\n\n\n\n<p class=\"abajo--110\"><\/p>\n\n\n\n<p>Curso pl\u00e1stic 0:<\/p>\n\n\n\n<div class=\"wp-block-group is-layout-flow\"><div class=\"wp-block-group__inner-container\">\n<ul class=\"wp-block-social-links alignleft has-large-icon-size is-style-logos-only agraria-social is-layout-flex\"><li class=\"wp-social-link wp-social-link-facebook wp-block-social-link\"><a href=\"https:\/\/www.facebook.com\/Curs-Pl%C3%A0stic-0-Eivissa-i-Formentera-2102862209992844\/\" class=\"wp-block-social-link-anchor\"><svg width=\"24\" height=\"24\" viewbox=\"0 0 24 24\" version=\"1.1\" xmlns=\"http:\/\/www.w3.org\/2000\/svg\" aria-hidden=\"true\" focusable=\"false\"><path d=\"M12 2C6.5 2 2 6.5 2 12c0 5 3.7 9.1 8.4 9.9v-7H7.9V12h2.5V9.8c0-2.5 1.5-3.9 3.8-3.9 1.1 0 2.2.2 2.2.2v2.5h-1.3c-1.2 0-1.6.8-1.6 1.6V12h2.8l-.4 2.9h-2.3v7C18.3 21.1 22 17 22 12c0-5.5-4.5-10-10-10z\"><\/path><\/svg><span class=\"wp-block-social-link-label screen-reader-text\">Facebook<\/span><\/a><\/li><\/ul>\n<\/div><\/div>\n<\/div><\/div>\n\n<\/div><\/div>\n\n\n<p><\/p>","protected":false},"excerpt":{"rendered":"<p>Des del Servei d\u2019Educaci\u00f3 Ambiental del GEN-GOB, us donam la benvinguda al curs escolar 2024-2025. Tornem a oferir una variada i complerta oferta d&#8217;activitats per tal que el professorat dels centres pugueu complementar la tasca educativa a les aules. A m\u00e9s a m\u00e9s, aquest curs tornem a incloure activitats a Can Toni d&#8217;en Jaume Negre,&#8230;<\/p>","protected":false},"author":1,"featured_media":0,"parent":0,"menu_order":0,"comment_status":"closed","ping_status":"closed","template":"","meta":{"_uag_custom_page_level_css":"","_kad_post_transparent":"enable","_kad_post_title":"hide","_kad_post_layout":"fullwidth","_kad_post_sidebar_id":"","_kad_post_content_style":"unboxed","_kad_post_vertical_padding":"","_kad_post_feature":"","_kad_post_feature_position":"","_kad_post_header":false,"_kad_post_footer":false},"uagb_featured_image_src":{"full":false,"thumbnail":false,"medium":false,"medium_large":false,"large":false,"1536x1536":false,"2048x2048":false,"trp-custom-language-flag":false},"uagb_author_info":{"display_name":"GGA","author_link":"https:\/\/gengob.org\/es\/author\/admin\/"},"uagb_comment_info":0,"uagb_excerpt":"Des del Servei d\u2019Educaci\u00f3 Ambiental del GEN-GOB, us donam la benvinguda al curs escolar 2024-2025. Tornem a oferir una variada i complerta oferta d&#8217;activitats per tal que el professorat dels centres pugueu complementar la tasca educativa a les aules. A m\u00e9s a m\u00e9s, aquest curs tornem a incloure activitats a Can Toni d&#8217;en Jaume Negre,...","_links":{"self":[{"href":"https:\/\/gengob.org\/es\/wp-json\/wp\/v2\/pages\/596"}],"collection":[{"href":"https:\/\/gengob.org\/es\/wp-json\/wp\/v2\/pages"}],"about":[{"href":"https:\/\/gengob.org\/es\/wp-json\/wp\/v2\/types\/page"}],"author":[{"embeddable":true,"href":"https:\/\/gengob.org\/es\/wp-json\/wp\/v2\/users\/1"}],"replies":[{"embeddable":true,"href":"https:\/\/gengob.org\/es\/wp-json\/wp\/v2\/comments?post=596"}],"version-history":[{"count":0,"href":"https:\/\/gengob.org\/es\/wp-json\/wp\/v2\/pages\/596\/revisions"}],"wp:attachment":[{"href":"https:\/\/gengob.org\/es\/wp-json\/wp\/v2\/media?parent=596"}],"curies":[{"name":"wp","href":"https:\/\/api.w.org\/{rel}","templated":true}]}}