{"id":649,"date":"2021-05-02T14:41:38","date_gmt":"2021-05-02T14:41:38","guid":{"rendered":"https:\/\/gengob.org\/\/voluntariat-copy\/"},"modified":"2021-05-03T15:40:47","modified_gmt":"2021-05-03T15:40:47","slug":"collaboracio-dempreses","status":"publish","type":"page","link":"https:\/\/gengob.org\/es\/collaboracio-dempreses\/","title":{"rendered":"Col\u00b7laboraci\u00f3 d&#8217;empreses"},"content":{"rendered":"<section class=\"wp-block-uagb-section uagb-section__wrap uagb-section__background-image uagb-block-62266e4c hero\"><div class=\"uagb-section__overlay\"><\/div><div class=\"uagb-section__inner-wrap\">\n<div class=\"wp-block-group hero__cta arriba--110\"><div class=\"wp-block-group__inner-container is-layout-flow\"><style>.wp-block-kadence-advancedheading.kt-adv-heading_4bc4c3-e5, .wp-block-kadence-advancedheading.kt-adv-heading_4bc4c3-e5[data-kb-block=\"kb-adv-heading_4bc4c3-e5\"]{font-style:normal;}.wp-block-kadence-advancedheading.kt-adv-heading_4bc4c3-e5 mark, .wp-block-kadence-advancedheading.kt-adv-heading_4bc4c3-e5[data-kb-block=\"kb-adv-heading_4bc4c3-e5\"] mark{font-style:normal;color:#f76a0c;padding-top:0px;padding-right:0px;padding-bottom:0px;padding-left:0px;}@media all and (max-width: 1024px){.wp-block-kadence-advancedheading.kt-adv-heading_4bc4c3-e5, .wp-block-kadence-advancedheading.kt-adv-heading_4bc4c3-e5[data-kb-block=\"kb-adv-heading_4bc4c3-e5\"]{font-size:3.8rem;}}@media all and (max-width: 767px){.wp-block-kadence-advancedheading.kt-adv-heading_4bc4c3-e5, .wp-block-kadence-advancedheading.kt-adv-heading_4bc4c3-e5[data-kb-block=\"kb-adv-heading_4bc4c3-e5\"]{font-size:2.5rem;}}<\/style>\n<h1 class=\"kt-adv-heading_4bc4c3-e5 hero__title wp-block-kadence-advancedheading has-theme-palette-2-color has-text-color\" data-kb-block=\"kb-adv-heading_4bc4c3-e5\"><mark class=\"kt-highlight\"><mark>Colaboraci\u00f3n de empresas<\/mark><\/mark><\/h1>\n<\/div><\/div>\n\n\n\n<p class=\"hero__img--author has-theme-palette-9-color has-text-color\"><span>@mari\u00e0 mar\u00ed<\/span><\/p>\n<\/div><\/section>\n\n\n<style>#kt-layout-id_113345-5c > .kt-row-column-wrap{align-content:start;}:where(#kt-layout-id_113345-5c > .kt-row-column-wrap) > .wp-block-kadence-column{justify-content:start;}#kt-layout-id_113345-5c > .kt-row-column-wrap{column-gap:var(--global-kb-gap-md, 2rem);row-gap:var(--global-kb-gap-md, 2rem);max-width:740px;margin-left:auto;margin-right:auto;padding-top:25px;padding-bottom:25px;padding-top:7.5rem;padding-bottom:7.5rem;padding-left:2rem;padding-right:2rem;grid-template-columns:minmax(0, 1fr);}#kt-layout-id_113345-5c > .kt-row-layout-overlay{opacity:0.30;}@media all and (max-width: 1024px){#kt-layout-id_113345-5c > .kt-row-column-wrap{grid-template-columns:minmax(0, 1fr);}}@media all and (max-width: 767px){#kt-layout-id_113345-5c > .kt-row-column-wrap{grid-template-columns:minmax(0, 1fr);}}<\/style>\n<div class=\"wp-block-kadence-rowlayout alignnone\"><div id=\"kt-layout-id_113345-5c\" class=\"kt-row-layout-inner kt-layout-id_113345-5c\"><div class=\"kt-row-column-wrap kt-has-1-columns kt-gutter-default kt-v-gutter-default kt-row-valign-top kt-row-layout-equal kt-tab-layout-inherit kt-m-colapse-left-to-right kt-mobile-layout-row\"><style>.kadence-column_285e8f-54 > .kt-inside-inner-col{border-top-width:0px;border-right-width:0px;border-bottom-width:0px;border-left-width:0px;}.kadence-column_285e8f-54 > .kt-inside-inner-col,.kadence-column_285e8f-54 > .kt-inside-inner-col:before{border-top-left-radius:0px;border-top-right-radius:0px;border-bottom-right-radius:0px;border-bottom-left-radius:0px;}.kadence-column_285e8f-54 > .kt-inside-inner-col:before{opacity:0.3;}.kadence-column_285e8f-54{position:relative;}<\/style>\n<div class=\"wp-block-kadence-column inner-column-1 kadence-column_285e8f-54\"><div class=\"kt-inside-inner-col\">\n<p>El GEN-GOB busca la colaboraci\u00f3n de empresas que quieran participar en la conservaci\u00f3n de los valores naturales de las islas, la educaci\u00f3n y sensibilizaci\u00f3n ambiental y la protecci\u00f3n del territorio.<\/p>\n\n\n\n<p><br>Las empresas pueden ayudarnos:<\/p>\n\n\n\n<div class=\"wp-block-uagb-icon-list uagb-icon-list__outer-wrap uagb-icon-list__layout-vertical uagb-icon-list__icon-at-top uagb-block-60fa2fd5 abajo--30\"><div class=\"uagb-icon-list__wrap\">\n<div class=\"wp-block-uagb-icon-list-child uagb-icon-list-repeater uagb-icon-list__wrapper uagb-block-7ce77ba5\"><div class=\"uagb-icon-list__content-wrap\"><span class=\"uagb-icon-list__source-wrap\"><span class=\"uagb-icon-list__source-icon\"><svg xmlns=\"http:\/\/www.w3.org\/2000\/svg\" viewbox=\"0 0 512 512\"><path d=\"M256 8c137 0 248 111 248 248S393 504 256 504 8 393 8 256 119 8 256 8zm-28.9 143.6l75.5 72.4H120c-13.3 0-24 10.7-24 24v16c0 13.3 10.7 24 24 24h182.6l-75.5 72.4c-9.7 9.3-9.9 24.8-.4 34.3l11 10.9c9.4 9.4 24.6 9.4 33.9 0L404.3 273c9.4-9.4 9.4-24.6 0-33.9L271.6 106.3c-9.4-9.4-24.6-9.4-33.9 0l-11 10.9c-9.5 9.6-9.3 25.1.4 34.4z\"><\/path><\/svg><\/span><\/span><div class=\"uagb-icon-list__label-wrap\"><span class=\"uagb-icon-list__label\">D\u00e1ndose de<strong>alta como socio-empresa<\/strong> y contribuyendo con una cuota anual.<\/span><\/div><\/div><\/div>\n\n\n\n<div class=\"wp-block-uagb-icon-list-child uagb-icon-list-repeater uagb-icon-list__wrapper uagb-block-6e409c1f\"><div class=\"uagb-icon-list__content-wrap\"><span class=\"uagb-icon-list__source-wrap\"><span class=\"uagb-icon-list__source-icon\"><svg xmlns=\"http:\/\/www.w3.org\/2000\/svg\" viewbox=\"0 0 512 512\"><path d=\"M256 8c137 0 248 111 248 248S393 504 256 504 8 393 8 256 119 8 256 8zm-28.9 143.6l75.5 72.4H120c-13.3 0-24 10.7-24 24v16c0 13.3 10.7 24 24 24h182.6l-75.5 72.4c-9.7 9.3-9.9 24.8-.4 34.3l11 10.9c9.4 9.4 24.6 9.4 33.9 0L404.3 273c9.4-9.4 9.4-24.6 0-33.9L271.6 106.3c-9.4-9.4-24.6-9.4-33.9 0l-11 10.9c-9.5 9.6-9.3 25.1.4 34.4z\"><\/path><\/svg><\/span><\/span><div class=\"uagb-icon-list__label-wrap\"><span class=\"uagb-icon-list__label\">Haciendo un<strong> donativo<\/strong>, y contribuyendo as\u00ed puntualmente al desarrollo conjunto de los proyectos del GEN-GOB.<\/span><\/div><\/div><\/div>\n\n\n\n<div class=\"wp-block-uagb-icon-list-child uagb-icon-list-repeater uagb-icon-list__wrapper uagb-block-83694e48\"><div class=\"uagb-icon-list__content-wrap\"><span class=\"uagb-icon-list__source-wrap\"><span class=\"uagb-icon-list__source-icon\"><svg xmlns=\"http:\/\/www.w3.org\/2000\/svg\" viewbox=\"0 0 512 512\"><path d=\"M256 8c137 0 248 111 248 248S393 504 256 504 8 393 8 256 119 8 256 8zm-28.9 143.6l75.5 72.4H120c-13.3 0-24 10.7-24 24v16c0 13.3 10.7 24 24 24h182.6l-75.5 72.4c-9.7 9.3-9.9 24.8-.4 34.3l11 10.9c9.4 9.4 24.6 9.4 33.9 0L404.3 273c9.4-9.4 9.4-24.6 0-33.9L271.6 106.3c-9.4-9.4-24.6-9.4-33.9 0l-11 10.9c-9.5 9.6-9.3 25.1.4 34.4z\"><\/path><\/svg><\/span><\/span><div class=\"uagb-icon-list__label-wrap\"><span class=\"uagb-icon-list__label\">Patrocinando <strong>un proyecto <\/strong>de conservaci\u00f3n o sensibilizaci\u00f3n ambiental.<\/span><\/div><\/div><\/div>\n\n\n\n<div class=\"wp-block-uagb-icon-list-child uagb-icon-list-repeater uagb-icon-list__wrapper uagb-block-7a034746\"><div class=\"uagb-icon-list__content-wrap\"><span class=\"uagb-icon-list__source-wrap\"><span class=\"uagb-icon-list__source-icon\"><svg xmlns=\"http:\/\/www.w3.org\/2000\/svg\" viewbox=\"0 0 512 512\"><path d=\"M256 8c137 0 248 111 248 248S393 504 256 504 8 393 8 256 119 8 256 8zm-28.9 143.6l75.5 72.4H120c-13.3 0-24 10.7-24 24v16c0 13.3 10.7 24 24 24h182.6l-75.5 72.4c-9.7 9.3-9.9 24.8-.4 34.3l11 10.9c9.4 9.4 24.6 9.4 33.9 0L404.3 273c9.4-9.4 9.4-24.6 0-33.9L271.6 106.3c-9.4-9.4-24.6-9.4-33.9 0l-11 10.9c-9.5 9.6-9.3 25.1.4 34.4z\"><\/path><\/svg><\/span><\/span><div class=\"uagb-icon-list__label-wrap\"><span class=\"uagb-icon-list__label\">Las empresas o profesionales tambi\u00e9n pueden colaborar con la <strong>donaci\u00f3n de productos <\/strong>(material de oficina, comida, bebidas para actos puntuales, etc.) con la<strong> prestaci\u00f3n voluntaria de servicios<\/strong>: abogados, dise\u00f1adores, ingenieros, traductores, inform\u00e1ticos, etc.<\/span><\/div><\/div><\/div>\n<\/div><\/div>\n\n\n\n<p><\/p>\n\n\n\n<p><\/p>\n\n\n\n<h2 class=\"mt--big mb--med wp-block-heading\"><strong>Ventajas de colaborar con el GEN-GOB<\/strong><\/h2>\n\n\n\n<p><\/p>\n\n\n\n<div class=\"wp-block-uagb-icon-list uagb-icon-list__outer-wrap uagb-icon-list__layout-vertical uagb-icon-list__icon-at-top uagb-block-daf87401\"><div class=\"uagb-icon-list__wrap\">\n<div class=\"wp-block-uagb-icon-list-child uagb-icon-list-repeater uagb-icon-list__wrapper uagb-block-46e43203\"><div class=\"uagb-icon-list__content-wrap\"><span class=\"uagb-icon-list__source-wrap\"><span class=\"uagb-icon-list__source-icon\"><svg xmlns=\"http:\/\/www.w3.org\/2000\/svg\" viewbox=\"0 0 512 512\"><path d=\"M504 256c0 136.967-111.033 248-248 248S8 392.967 8 256 119.033 8 256 8s248 111.033 248 248zM227.314 387.314l184-184c6.248-6.248 6.248-16.379 0-22.627l-22.627-22.627c-6.248-6.249-16.379-6.249-22.628 0L216 308.118l-70.059-70.059c-6.248-6.248-16.379-6.248-22.628 0l-22.627 22.627c-6.248 6.248-6.248 16.379 0 22.627l104 104c6.249 6.249 16.379 6.249 22.628.001z\"><\/path><\/svg><\/span><\/span><div class=\"uagb-icon-list__label-wrap\"><span class=\"uagb-icon-list__label\">Las aportaciones o donaciones desgravan un 35% en la cuota \u00edntegra del Impuesto de Sociedades.<\/span><\/div><\/div><\/div>\n\n\n\n<div class=\"wp-block-uagb-icon-list-child uagb-icon-list-repeater uagb-icon-list__wrapper uagb-block-70fb3c09\"><div class=\"uagb-icon-list__content-wrap\"><span class=\"uagb-icon-list__source-wrap\"><span class=\"uagb-icon-list__source-icon\"><svg xmlns=\"http:\/\/www.w3.org\/2000\/svg\" viewbox=\"0 0 512 512\"><path d=\"M504 256c0 136.967-111.033 248-248 248S8 392.967 8 256 119.033 8 256 8s248 111.033 248 248zM227.314 387.314l184-184c6.248-6.248 6.248-16.379 0-22.627l-22.627-22.627c-6.248-6.249-16.379-6.249-22.628 0L216 308.118l-70.059-70.059c-6.248-6.248-16.379-6.248-22.628 0l-22.627 22.627c-6.248 6.248-6.248 16.379 0 22.627l104 104c6.249 6.249 16.379 6.249 22.628.001z\"><\/path><\/svg><\/span><\/span><div class=\"uagb-icon-list__label-wrap\"><span class=\"uagb-icon-list__label\">Las empresas se al\u00edan con una entidad de reconocido prestigio y una trayectoria de casi 40 a\u00f1os en la defensa de la naturaleza de las islas.<\/span><\/div><\/div><\/div>\n\n\n\n<div class=\"wp-block-uagb-icon-list-child uagb-icon-list-repeater uagb-icon-list__wrapper uagb-block-5db6e8d7\"><div class=\"uagb-icon-list__content-wrap\"><span class=\"uagb-icon-list__source-wrap\"><span class=\"uagb-icon-list__source-icon\"><svg xmlns=\"http:\/\/www.w3.org\/2000\/svg\" viewbox=\"0 0 512 512\"><path d=\"M504 256c0 136.967-111.033 248-248 248S8 392.967 8 256 119.033 8 256 8s248 111.033 248 248zM227.314 387.314l184-184c6.248-6.248 6.248-16.379 0-22.627l-22.627-22.627c-6.248-6.249-16.379-6.249-22.628 0L216 308.118l-70.059-70.059c-6.248-6.248-16.379-6.248-22.628 0l-22.627 22.627c-6.248 6.248-6.248 16.379 0 22.627l104 104c6.249 6.249 16.379 6.249 22.628.001z\"><\/path><\/svg><\/span><\/span><div class=\"uagb-icon-list__label-wrap\"><span class=\"uagb-icon-list__label\">El GEN-GOB y la empresa comunican la colaboraci\u00f3n en los elementos de comunicaci\u00f3n comunes o ligados a los proyectos.<\/span><\/div><\/div><\/div>\n\n\n\n<div class=\"wp-block-uagb-icon-list-child uagb-icon-list-repeater uagb-icon-list__wrapper uagb-block-dd1c8711\"><div class=\"uagb-icon-list__content-wrap\"><span class=\"uagb-icon-list__source-wrap\"><span class=\"uagb-icon-list__source-icon\"><svg xmlns=\"http:\/\/www.w3.org\/2000\/svg\" viewbox=\"0 0 512 512\"><path d=\"M504 256c0 136.967-111.033 248-248 248S8 392.967 8 256 119.033 8 256 8s248 111.033 248 248zM227.314 387.314l184-184c6.248-6.248 6.248-16.379 0-22.627l-22.627-22.627c-6.248-6.249-16.379-6.249-22.628 0L216 308.118l-70.059-70.059c-6.248-6.248-16.379-6.248-22.628 0l-22.627 22.627c-6.248 6.248-6.248 16.379 0 22.627l104 104c6.249 6.249 16.379 6.249 22.628.001z\"><\/path><\/svg><\/span><\/span><div class=\"uagb-icon-list__label-wrap\"><span class=\"uagb-icon-list__label\">La empresa pone en pr\u00e1ctica su responsabilidad social empresarial.<\/span><\/div><\/div><\/div>\n<\/div><\/div>\n\n\n\n<p><\/p>\n<\/div><\/div>\n<\/div><\/div><\/div>\n\n\n\n<p><\/p>","protected":false},"excerpt":{"rendered":"<p>El GEN-GOB cerca la col\u00b7laboraci\u00f3 d\u2019empreses que vulguin participar en la conservaci\u00f3 dels valors naturals de les Illes, l&#8217;educaci\u00f3 i sensibilitzaci\u00f3 ambiental i la protecci\u00f3 del territori. Les empreses poden ajudar-nos: Avantatges de col\u00b7laborar amb el GEN-GOB<\/p>","protected":false},"author":1,"featured_media":0,"parent":0,"menu_order":0,"comment_status":"closed","ping_status":"closed","template":"","meta":{"_uag_custom_page_level_css":"","_kad_post_transparent":"enable","_kad_post_title":"hide","_kad_post_layout":"fullwidth","_kad_post_sidebar_id":"","_kad_post_content_style":"unboxed","_kad_post_vertical_padding":"","_kad_post_feature":"","_kad_post_feature_position":"","_kad_post_header":false,"_kad_post_footer":false},"uagb_featured_image_src":{"full":false,"thumbnail":false,"medium":false,"medium_large":false,"large":false,"1536x1536":false,"2048x2048":false,"trp-custom-language-flag":false},"uagb_author_info":{"display_name":"GGA","author_link":"https:\/\/gengob.org\/es\/author\/admin\/"},"uagb_comment_info":0,"uagb_excerpt":"El GEN-GOB cerca la col\u00b7laboraci\u00f3 d\u2019empreses que vulguin participar en la conservaci\u00f3 dels valors naturals de les Illes, l&#8217;educaci\u00f3 i sensibilitzaci\u00f3 ambiental i la protecci\u00f3 del territori. Les empreses poden ajudar-nos: Avantatges de col\u00b7laborar amb el GEN-GOB","_links":{"self":[{"href":"https:\/\/gengob.org\/es\/wp-json\/wp\/v2\/pages\/649"}],"collection":[{"href":"https:\/\/gengob.org\/es\/wp-json\/wp\/v2\/pages"}],"about":[{"href":"https:\/\/gengob.org\/es\/wp-json\/wp\/v2\/types\/page"}],"author":[{"embeddable":true,"href":"https:\/\/gengob.org\/es\/wp-json\/wp\/v2\/users\/1"}],"replies":[{"embeddable":true,"href":"https:\/\/gengob.org\/es\/wp-json\/wp\/v2\/comments?post=649"}],"version-history":[{"count":0,"href":"https:\/\/gengob.org\/es\/wp-json\/wp\/v2\/pages\/649\/revisions"}],"wp:attachment":[{"href":"https:\/\/gengob.org\/es\/wp-json\/wp\/v2\/media?parent=649"}],"curies":[{"name":"wp","href":"https:\/\/api.w.org\/{rel}","templated":true}]}}