{"id":673,"date":"2021-05-02T15:01:06","date_gmt":"2021-05-02T15:01:06","guid":{"rendered":"https:\/\/gengob.org\/\/fes-un-donatiu-copy\/"},"modified":"2024-12-11T17:08:29","modified_gmt":"2024-12-11T16:08:29","slug":"informes","status":"publish","type":"page","link":"https:\/\/gengob.org\/es\/informes\/","title":{"rendered":"Informes"},"content":{"rendered":"<section class=\"wp-block-uagb-section uagb-section__wrap uagb-section__background-image uagb-block-487c963e hero\"><div class=\"uagb-section__overlay\"><\/div><div class=\"uagb-section__inner-wrap\">\n<div class=\"wp-block-group hero__cta is-layout-flow\"><div class=\"wp-block-group__inner-container\"><style>.wp-block-kadence-advancedheading.kt-adv-heading_b95837-d21, .wp-block-kadence-advancedheading.kt-adv-heading_b95837-d21[data-kb-block=\"kb-adv-heading_b95837-d21\"]{font-style:normal;}.wp-block-kadence-advancedheading.kt-adv-heading_b95837-d21 mark, .wp-block-kadence-advancedheading.kt-adv-heading_b95837-d21[data-kb-block=\"kb-adv-heading_b95837-d21\"] mark{font-style:normal;color:#f76a0c;padding-top:0px;padding-right:0px;padding-bottom:0px;padding-left:0px;}@media all and (max-width: 1024px){.wp-block-kadence-advancedheading.kt-adv-heading_b95837-d21, .wp-block-kadence-advancedheading.kt-adv-heading_b95837-d21[data-kb-block=\"kb-adv-heading_b95837-d21\"]{font-size:3.8rem;}}@media all and (max-width: 767px){.wp-block-kadence-advancedheading.kt-adv-heading_b95837-d21, .wp-block-kadence-advancedheading.kt-adv-heading_b95837-d21[data-kb-block=\"kb-adv-heading_b95837-d21\"]{font-size:2.5rem;}}<\/style>\n<h1 class=\"kt-adv-heading_b95837-d21 hero__title wp-block-kadence-advancedheading has-theme-palette-2-color has-text-color\" data-kb-block=\"kb-adv-heading_b95837-d21\"><mark class=\"kt-highlight\"><mark>Informes<\/mark><\/mark><\/h1>\n<\/div><\/div>\n\n\n\n<p class=\"hero__img--author has-theme-palette-9-color has-text-color\"><span>@mari\u00e0 mar\u00ed<\/span><\/p>\n<\/div><\/section>\n\n\n\n<h2 class=\"wp-block-heading has-text-align-center\">Informe de seguiment de la sargantana pitiusa. <\/h2>\n\n\n\n<h2 class=\"wp-block-heading has-text-align-center\">Parc Natural de ses Salines 2023-2024<\/h2>\n\n\n\n<p class=\"has-text-align-right\"><strong>Eivissa, 10 de desembre de 2024<\/strong><\/p>\n\n\n<div class=\"wp-block-image\">\n<figure class=\"aligncenter size-full\"><a href=\"https:\/\/gengob.org\/wp-content\/uploads\/2024\/12\/informe-sargantanes-2023-i-2024.pdf\"><img decoding=\"async\" loading=\"lazy\" width=\"496\" height=\"577\" src=\"https:\/\/gengob.org\/wp-content\/uploads\/2024\/12\/informe-sargantanes-1.jpg\" alt=\"\" class=\"wp-image-1845\" srcset=\"https:\/\/gengob.org\/wp-content\/uploads\/2024\/12\/informe-sargantanes-1.jpg 496w, https:\/\/gengob.org\/wp-content\/uploads\/2024\/12\/informe-sargantanes-1-258x300.jpg 258w, https:\/\/gengob.org\/wp-content\/uploads\/2024\/12\/informe-sargantanes-1-10x12.jpg 10w\" sizes=\"(max-width: 496px) 100vw, 496px\" \/><\/a><\/figure><\/div>\n\n\n<p><\/p>\n\n\n\n<p class=\"has-text-align-right\"><\/p>\n\n\n\n<h3 class=\"wp-block-heading\"><a rel=\"noreferrer noopener\" href=\"https:\/\/gengob.org\/wp-content\/uploads\/2023\/03\/creuers-GEN-4.pdf\" target=\"_blank\"><strong>Massificaci\u00f3 de creuers: conseq\u00fc\u00e8ncies sobre la societat, el medi ambient i el patrimoni hist\u00f2ric d&#8217;Eivissa.<\/strong><br>Diagnosi d&#8217;impactes ocasionats pels creuers a l&#8217;illa d&#8217;Eivissa<\/a><\/h3>\n\n\n<style>.kadence-column_73757a-2b > .kt-inside-inner-col,.kadence-column_73757a-2b > .kt-inside-inner-col:before{border-top-left-radius:0px;border-top-right-radius:0px;border-bottom-right-radius:0px;border-bottom-left-radius:0px;}.kadence-column_73757a-2b > .kt-inside-inner-col:before{opacity:0.3;}.kadence-column_73757a-2b{position:relative;}<\/style>\n<div class=\"wp-block-kadence-column kadence-column_73757a-2b inner-column-1\"><div class=\"kt-inside-inner-col\">\n<p class=\"has-text-align-right\"><strong>Eivissa, 28 de mar\u00e7 de  2023<\/strong><\/p>\n\n\n<style>.kb-image_ee76ed-82.kb-image-is-ratio-size, .kb-image_ee76ed-82 .kb-image-is-ratio-size{max-width:703px;width:100%;}.kb-image_ee76ed-82{max-width:703px;}.image-is-svg.kb-image_ee76ed-82{flex:0 1 100%;-webkit-flex:0 1 100%;}.image-is-svg.kb-image_ee76ed-82 img{width:100%;}<\/style>\n<figure class=\"wp-block-kadence-image kb-image_ee76ed-82 size-full\"><img decoding=\"async\" loading=\"lazy\" width=\"883\" height=\"763\" src=\"https:\/\/gengob.org\/wp-content\/uploads\/2023\/03\/creuers-portada-3.jpg\" alt=\"\" class=\"kb-img wp-image-1788\" srcset=\"https:\/\/gengob.org\/wp-content\/uploads\/2023\/03\/creuers-portada-3.jpg 883w, https:\/\/gengob.org\/wp-content\/uploads\/2023\/03\/creuers-portada-3-300x259.jpg 300w, https:\/\/gengob.org\/wp-content\/uploads\/2023\/03\/creuers-portada-3-768x664.jpg 768w, https:\/\/gengob.org\/wp-content\/uploads\/2023\/03\/creuers-portada-3-14x12.jpg 14w\" sizes=\"(max-width: 883px) 100vw, 883px\" \/><\/figure>\n\n\n\n<p><\/p>\n\n\n\n<h2 class=\"wp-block-heading\"><strong><a href=\"https:\/\/gengob.org\/wp-content\/uploads\/2023\/11\/Seguiment-duna-poblacion-de-sargantana-1.pdf\">Seguiment d&#8217;una poblaci\u00f3 de sargantana: el cas de can Toni den Jaume Negre (pon\u00e8ncia) Jornada la Sargantana de les Piti\u00fcses, de l\u2019\u00e8xit evolutiu a la fragilitat. Consell d&#8217;Eivissa<\/a><\/strong><\/h2>\n\n\n\n<p class=\"has-text-align-right\"><strong>Eivissa, juny de 2022<\/strong><\/p>\n\n\n\n<div class=\"wp-block-file\"><object class=\"wp-block-file__embed\" data=\"https:\/\/gengob.org\/wp-content\/uploads\/2023\/11\/Seguiment-duna-poblacion-de-sargantana-1.pdf\" type=\"application\/pdf\" style=\"width:100%;height:600px\" aria-label=\"Incrustado de Seguiment-duna-poblacion-de-sargantana-1.\"><\/object><a id=\"wp-block-file--media-a1eb9874-4345-40fb-893d-cbe2668d47a4\" href=\"https:\/\/gengob.org\/wp-content\/uploads\/2023\/11\/Seguiment-duna-poblacion-de-sargantana-1.pdf\">Seguiment-duna-poblacion-de-sargantana-1<\/a><a href=\"https:\/\/gengob.org\/wp-content\/uploads\/2023\/11\/Seguiment-duna-poblacion-de-sargantana-1.pdf\" class=\"wp-block-file__button wp-element-button\" download aria-describedby=\"wp-block-file--media-a1eb9874-4345-40fb-893d-cbe2668d47a4\">Baixa<\/a><\/div>\n\n\n\n<h3 class=\"wp-block-heading\"><strong><a rel=\"noreferrer noopener\" href=\"https:\/\/gengob.org\/wp-content\/uploads\/2022\/04\/Informe-Talamanca_GENGOB_Final_240122.docx-4.pdf\" target=\"_blank\"><span class=\"underline\" style=\"text-decoration: underline\">Seguiment t\u00e8cnic de les praderies de <em>Posidonia oceanica<\/em> de la badia de Talamanca-Eivissa<\/span><\/a><\/strong><\/h3>\n\n\n\n<p class=\"has-text-align-right\"><strong>Eivissa, 4 d&#8217;abril 2022<\/strong><\/p>\n\n\n<style>.kb-image_4d98e0-e9.kb-image-is-ratio-size, .kb-image_4d98e0-e9 .kb-image-is-ratio-size{max-width:703px;width:100%;}.kb-image_4d98e0-e9{max-width:703px;}.image-is-svg.kb-image_4d98e0-e9{flex:0 1 100%;-webkit-flex:0 1 100%;}.image-is-svg.kb-image_4d98e0-e9 img{width:100%;}<\/style>\n<figure class=\"wp-block-kadence-image kb-image_4d98e0-e9 size-full\"><img decoding=\"async\" loading=\"lazy\" width=\"892\" height=\"671\" src=\"https:\/\/gengob.org\/wp-content\/uploads\/2022\/04\/talamanca-conclusions.jpg\" alt=\"\" class=\"kb-img wp-image-1691\" srcset=\"https:\/\/gengob.org\/wp-content\/uploads\/2022\/04\/talamanca-conclusions.jpg 892w, https:\/\/gengob.org\/wp-content\/uploads\/2022\/04\/talamanca-conclusions-300x226.jpg 300w, https:\/\/gengob.org\/wp-content\/uploads\/2022\/04\/talamanca-conclusions-768x578.jpg 768w, https:\/\/gengob.org\/wp-content\/uploads\/2022\/04\/talamanca-conclusions-16x12.jpg 16w\" sizes=\"(max-width: 892px) 100vw, 892px\" \/><\/figure>\n\n\n\n<h2 class=\"wp-block-heading blue-link\"><strong><a rel=\"noreferrer noopener\" href=\"https:\/\/drive.google.com\/file\/d\/1JJ2Hsdm6ghDHF_jywvjcu8AuOlGBt4yS\/view\" target=\"_blank\">Jornada las Estrategias Marinas en el \u00e1mbito pitiuso<\/a><\/strong><\/h2>\n\n\n\n<p class=\"has-text-align-right\"><strong>Eivissa, 29 de marzo de 2019<\/strong><\/p>\n\n\n\n<div class=\"wp-block-group link-author__img mt--big mb--med is-layout-flow\"><div class=\"wp-block-group__inner-container\"><div class=\"wp-block-image\">\n<figure class=\"aligncenter size-large\"><img decoding=\"async\" loading=\"lazy\" width=\"1024\" height=\"597\" src=\"https:\/\/gengob.org\/wp-content\/uploads\/2021\/05\/JORNADA-LES-ESTRATEGIES-MARINES-EN-LAMBIT-PITIUS-1024x597.jpg\" alt=\"\" class=\"wp-image-676\" srcset=\"https:\/\/gengob.org\/wp-content\/uploads\/2021\/05\/JORNADA-LES-ESTRATEGIES-MARINES-EN-LAMBIT-PITIUS-1024x597.jpg 1024w, https:\/\/gengob.org\/wp-content\/uploads\/2021\/05\/JORNADA-LES-ESTRATEGIES-MARINES-EN-LAMBIT-PITIUS-300x175.jpg 300w, https:\/\/gengob.org\/wp-content\/uploads\/2021\/05\/JORNADA-LES-ESTRATEGIES-MARINES-EN-LAMBIT-PITIUS-768x448.jpg 768w, https:\/\/gengob.org\/wp-content\/uploads\/2021\/05\/JORNADA-LES-ESTRATEGIES-MARINES-EN-LAMBIT-PITIUS.jpg 1080w\" sizes=\"(max-width: 1024px) 100vw, 1024px\" \/><\/figure><\/div>\n\n\n<p class=\"author-img\">@gloria garrastazul<\/p>\n<\/div><\/div>\n\n\n\n<h2 class=\"wp-block-heading blue-link\"><strong><a rel=\"noreferrer noopener\" href=\"http:\/\/lamar.gengob.org\/wp-content\/uploads\/2018\/04\/Informe-Depuracio-GEN-GOB-2013-2016-.pdf\" target=\"_blank\">Situaci\u00f3n ambiental de las depuradoras y emisarios submarinos. Piti\u00fcses: 2013 - 2016<\/a><\/strong><\/h2>\n\n\n\n<p class=\"has-text-align-right\"><strong>Eivissa, 22 de noviembre de 2018<\/strong><\/p>\n\n\n\n<p><a href=\"http:\/\/lamar.gengob.org\/wp-content\/uploads\/2018\/04\/Informe-Depuracio-GEN-GOB-2013-2016-.pdf\">http:\/\/lamar.gengob.org\/wp-content\/uploads\/2018\/04\/Informe-Depuracio-GEN-GOB-2013-2016-.pdf<\/a><\/p>\n\n\n\n<h2 class=\"wp-block-heading blue-link\"><strong><a rel=\"noreferrer noopener\" href=\"https:\/\/drive.google.com\/file\/d\/1nnal-UuMvG77U0g_cAUjU4A9WgChWBOA\/view\" target=\"_blank\">Illots de Llevant<\/a><\/strong><\/h2>\n\n\n\n<p class=\"has-text-align-right\"><strong>Eivissa, 11 de mayo de 2018<\/strong><\/p>\n\n\n\n<p>Taller participativo de sectores implicados e interesados en torno a los planes de gesti\u00f3n para la declaraci\u00f3n de LIC A ZEC de los espacios de Tagomago \u2013ES0000082\u2013, illots de Santa Eul\u00e0ria, Rodona i es Can\u00e0 \u2013ES0000242\u2013 i \u00e0rea marina de Tagomago \u2013ES5310107\u2013.<\/p>\n\n\n\n<div class=\"wp-block-group link-author__img mt--big mb--med is-layout-flow\"><div class=\"wp-block-group__inner-container\"><div class=\"wp-block-image\">\n<figure class=\"aligncenter size-large\"><img decoding=\"async\" loading=\"lazy\" width=\"1024\" height=\"420\" src=\"https:\/\/gengob.org\/wp-content\/uploads\/2021\/05\/Red-natura-2000-illots-de-Llevan-1024x420.jpg\" alt=\"\" class=\"wp-image-677\" srcset=\"https:\/\/gengob.org\/wp-content\/uploads\/2021\/05\/Red-natura-2000-illots-de-Llevan-1024x420.jpg 1024w, https:\/\/gengob.org\/wp-content\/uploads\/2021\/05\/Red-natura-2000-illots-de-Llevan-300x123.jpg 300w, https:\/\/gengob.org\/wp-content\/uploads\/2021\/05\/Red-natura-2000-illots-de-Llevan-768x315.jpg 768w, https:\/\/gengob.org\/wp-content\/uploads\/2021\/05\/Red-natura-2000-illots-de-Llevan.jpg 1080w\" sizes=\"(max-width: 1024px) 100vw, 1024px\" \/><\/figure><\/div>\n\n\n<p class=\"author-img\"><\/p>\n<\/div><\/div>\n\n\n\n<h2 class=\"wp-block-heading blue-link\"><strong><a rel=\"noreferrer noopener\" href=\"https:\/\/drive.google.com\/file\/d\/1daqRx-skNUIO_5IZfEBO0G_haP62ULz1\/view\" target=\"_blank\">Red Natura 2000 Formentera<\/a><\/strong><\/h2>\n\n\n\n<p class=\"has-text-align-right\"><strong>Eivissa, 01 de noviembre, 2018<\/strong><\/p>\n\n\n\n<p>Taller participativo de sectores implicados e interesados en torno al plan de gesti\u00f3n de la Red Natura 2000 \u201cFormentera\u201d: La Mola (ZEC\/ZEPA ES5310024), Cap de Barbaria (ZEC\/ZEPA ES5310025), Area Marina de Cala Saona (ZEC ES5310109), Area Marina de Platja de Tamuntana (ZEC ES5310110) y Area Marina de Platja de Migjorn (ZEC ES5310111).<\/p>\n\n\n\n<div class=\"wp-block-group link-author__img mt--big mb--med is-layout-flow\"><div class=\"wp-block-group__inner-container\"><div class=\"wp-block-image\">\n<figure class=\"aligncenter size-large\"><img decoding=\"async\" loading=\"lazy\" width=\"1024\" height=\"613\" src=\"https:\/\/gengob.org\/wp-content\/uploads\/2021\/05\/Red-Natura-2000-Formentera-1024x613.jpg\" alt=\"\" class=\"wp-image-678\" srcset=\"https:\/\/gengob.org\/wp-content\/uploads\/2021\/05\/Red-Natura-2000-Formentera-1024x613.jpg 1024w, https:\/\/gengob.org\/wp-content\/uploads\/2021\/05\/Red-Natura-2000-Formentera-300x180.jpg 300w, https:\/\/gengob.org\/wp-content\/uploads\/2021\/05\/Red-Natura-2000-Formentera-768x460.jpg 768w, https:\/\/gengob.org\/wp-content\/uploads\/2021\/05\/Red-Natura-2000-Formentera.jpg 1080w\" sizes=\"(max-width: 1024px) 100vw, 1024px\" \/><\/figure><\/div>\n\n\n<p class=\"author-img\">@Jordi Serapio<\/p>\n<\/div><\/div>\n\n\n\n<h2 class=\"wp-block-heading blue-link\"><strong><a href=\"https:\/\/gengob.org\/wp-content\/uploads\/2021\/04\/aigua-uib-ipf-gen.pdf\" target=\"_blank\" rel=\"noreferrer noopener\">An\u00e1lisis de la gesti\u00f3n del agua en la isla de Eivissa<\/a><\/strong><\/h2>\n\n\n\n<p class=\"has-text-align-right\"><strong>Junio de 2015<\/strong><\/p>\n\n\n\n<p>10 propuestas para mejorar su gesti\u00f3n<\/p>\n\n\n\n<p><a href=\"https:\/\/gengob.org\/wp-content\/uploads\/2021\/04\/aigua-uib-ipf-gen.pdf\">https:\/\/gengob.org\/wp-content\/uploads\/2021\/04\/aigua-uib-ipf-gen.pdf<\/a><\/p>\n<\/div><\/div>\n\n\n<style>.kb-row-layout-id_2c0601-81 > .kt-row-column-wrap{align-content:start;}:where(.kb-row-layout-id_2c0601-81 > .kt-row-column-wrap) > .wp-block-kadence-column{justify-content:start;}.kb-row-layout-id_2c0601-81 > .kt-row-column-wrap{column-gap:var(--global-kb-gap-md, 2rem);row-gap:var(--global-kb-gap-md, 2rem);max-width:740px;margin-left:auto;margin-right:auto;padding-top:7.5rem;padding-right:2rem;padding-bottom:7.5rem;padding-left:2rem;grid-template-columns:minmax(0, 1fr);}.kb-row-layout-id_2c0601-81 > .kt-row-layout-overlay{opacity:0.30;}@media all and (max-width: 1024px){.kb-row-layout-id_2c0601-81 > .kt-row-column-wrap{grid-template-columns:minmax(0, 1fr);}}@media all and (max-width: 767px){.kb-row-layout-id_2c0601-81 > .kt-row-column-wrap{grid-template-columns:minmax(0, 1fr);}}<\/style><div class=\"kb-row-layout-wrap kb-row-layout-id_2c0601-81 alignnone wp-block-kadence-rowlayout\"><div class=\"kt-row-column-wrap kt-has-1-columns kt-row-layout-equal kt-tab-layout-inherit kt-mobile-layout-row kt-row-valign-top\">\n<style>.kadence-column_87bd29-f5 > .kt-inside-inner-col,.kadence-column_87bd29-f5 > .kt-inside-inner-col:before{border-top-left-radius:0px;border-top-right-radius:0px;border-bottom-right-radius:0px;border-bottom-left-radius:0px;}.kadence-column_87bd29-f5 > .kt-inside-inner-col:before{opacity:0.3;}.kadence-column_87bd29-f5{position:relative;}<\/style>\n<div class=\"wp-block-kadence-column kadence-column_87bd29-f5\"><div class=\"kt-inside-inner-col\"><\/div><\/div>\n\n<\/div><\/div>\n\n\n<p><\/p>\n\n\n\n<p><\/p>","protected":false},"excerpt":{"rendered":"<p>Informe de seguiment de la sargantana pitiusa. Parc Natural de ses Salines 2023-2024 Eivissa, 10 de desembre de 2024 Massificaci\u00f3 de creuers: conseq\u00fc\u00e8ncies sobre la societat, el medi ambient i el patrimoni hist\u00f2ric d&#8217;Eivissa.Diagnosi d&#8217;impactes ocasionats pels creuers a l&#8217;illa d&#8217;Eivissa Eivissa, 28 de mar\u00e7 de 2023 Seguiment d&#8217;una poblaci\u00f3 de sargantana: el cas de&#8230;<\/p>","protected":false},"author":1,"featured_media":0,"parent":0,"menu_order":0,"comment_status":"closed","ping_status":"closed","template":"","meta":{"_uag_custom_page_level_css":"","_kad_post_transparent":"enable","_kad_post_title":"hide","_kad_post_layout":"fullwidth","_kad_post_sidebar_id":"","_kad_post_content_style":"unboxed","_kad_post_vertical_padding":"","_kad_post_feature":"","_kad_post_feature_position":"","_kad_post_header":false,"_kad_post_footer":false},"uagb_featured_image_src":{"full":false,"thumbnail":false,"medium":false,"medium_large":false,"large":false,"1536x1536":false,"2048x2048":false,"trp-custom-language-flag":false},"uagb_author_info":{"display_name":"GGA","author_link":"https:\/\/gengob.org\/es\/author\/admin\/"},"uagb_comment_info":0,"uagb_excerpt":"Informe de seguiment de la sargantana pitiusa. Parc Natural de ses Salines 2023-2024 Eivissa, 10 de desembre de 2024 Massificaci\u00f3 de creuers: conseq\u00fc\u00e8ncies sobre la societat, el medi ambient i el patrimoni hist\u00f2ric d&#8217;Eivissa.Diagnosi d&#8217;impactes ocasionats pels creuers a l&#8217;illa d&#8217;Eivissa Eivissa, 28 de mar\u00e7 de 2023 Seguiment d&#8217;una poblaci\u00f3 de sargantana: el cas de...","_links":{"self":[{"href":"https:\/\/gengob.org\/es\/wp-json\/wp\/v2\/pages\/673"}],"collection":[{"href":"https:\/\/gengob.org\/es\/wp-json\/wp\/v2\/pages"}],"about":[{"href":"https:\/\/gengob.org\/es\/wp-json\/wp\/v2\/types\/page"}],"author":[{"embeddable":true,"href":"https:\/\/gengob.org\/es\/wp-json\/wp\/v2\/users\/1"}],"replies":[{"embeddable":true,"href":"https:\/\/gengob.org\/es\/wp-json\/wp\/v2\/comments?post=673"}],"version-history":[{"count":0,"href":"https:\/\/gengob.org\/es\/wp-json\/wp\/v2\/pages\/673\/revisions"}],"wp:attachment":[{"href":"https:\/\/gengob.org\/es\/wp-json\/wp\/v2\/media?parent=673"}],"curies":[{"name":"wp","href":"https:\/\/api.w.org\/{rel}","templated":true}]}}